{"version":"1.0","provider_name":"Blog de Rafael Ram\u00edrez","provider_url":"https:\/\/rafaramirez.org\/blog","author_name":"Rafael Ram\u00edrez","author_url":"https:\/\/rafaramirez.org\/blog\/index.php\/author\/rafaell_qm6j97da\/","title":"\"Rock with You\" (Ac\u00fastico directo): descubre esta bonita versi\u00f3n que mezcla elementos de la m\u00fasica brasile\u00f1a y el pop. - Blog de Rafael Ram\u00edrez","type":"rich","width":600,"height":338,"html":"<blockquote class=\"wp-embedded-content\" data-secret=\"96cvRbwtp0\"><a href=\"https:\/\/rafaramirez.org\/blog\/index.php\/2024\/08\/26\/rock-with-you\/\">\u00abRock with You\u00bb (Ac\u00fastico directo): descubre esta bonita versi\u00f3n que mezcla elementos de la m\u00fasica brasile\u00f1a y el pop.<\/a><\/blockquote><iframe sandbox=\"allow-scripts\" security=\"restricted\" src=\"https:\/\/rafaramirez.org\/blog\/index.php\/2024\/08\/26\/rock-with-you\/embed\/#?secret=96cvRbwtp0\" width=\"600\" height=\"338\" title=\"\u00ab\u00abRock with You\u00bb (Ac\u00fastico directo): descubre esta bonita versi\u00f3n que mezcla elementos de la m\u00fasica brasile\u00f1a y el pop.\u00bb \u2014 Blog de Rafael Ram\u00edrez\" data-secret=\"96cvRbwtp0\" frameborder=\"0\" marginwidth=\"0\" marginheight=\"0\" scrolling=\"no\" class=\"wp-embedded-content\"><\/iframe><script>\n\/*! This file is auto-generated *\/\n!function(d,l){\"use strict\";l.querySelector&&d.addEventListener&&\"undefined\"!=typeof URL&&(d.wp=d.wp||{},d.wp.receiveEmbedMessage||(d.wp.receiveEmbedMessage=function(e){var t=e.data;if((t||t.secret||t.message||t.value)&&!\/[^a-zA-Z0-9]\/.test(t.secret)){for(var s,r,n,a=l.querySelectorAll('iframe[data-secret=\"'+t.secret+'\"]'),o=l.querySelectorAll('blockquote[data-secret=\"'+t.secret+'\"]'),c=new RegExp(\"^https?:$\",\"i\"),i=0;i<o.length;i++)o[i].style.display=\"none\";for(i=0;i<a.length;i++)s=a[i],e.source===s.contentWindow&&(s.removeAttribute(\"style\"),\"height\"===t.message?(1e3<(r=parseInt(t.value,10))?r=1e3:~~r<200&&(r=200),s.height=r):\"link\"===t.message&&(r=new URL(s.getAttribute(\"src\")),n=new URL(t.value),c.test(n.protocol))&&n.host===r.host&&l.activeElement===s&&(d.top.location.href=t.value))}},d.addEventListener(\"message\",d.wp.receiveEmbedMessage,!1),l.addEventListener(\"DOMContentLoaded\",function(){for(var e,t,s=l.querySelectorAll(\"iframe.wp-embedded-content\"),r=0;r<s.length;r++)(t=(e=s[r]).getAttribute(\"data-secret\"))||(t=Math.random().toString(36).substring(2,12),e.src+=\"#?secret=\"+t,e.setAttribute(\"data-secret\",t)),e.contentWindow.postMessage({message:\"ready\",secret:t},\"*\")},!1)))}(window,document);\n\/\/# sourceURL=https:\/\/rafaramirez.org\/blog\/wp-includes\/js\/wp-embed.min.js\n<\/script>\n","thumbnail_url":"https:\/\/rafaramirez.org\/blog\/wp-content\/uploads\/2024\/08\/Rock-with-You-Fernanda-Abreu_banner.jpg","thumbnail_width":750,"thumbnail_height":422,"description":"Hoy te invito a disfrutar de esta bonita versi\u00f3n en directo de la canci\u00f3n \u00abRock with you\u00bb\u00a0interpretada por la cantante Fernanda Abreu en Ac\u00fastico Directo, en Vivo. \u201cRock with You\u201d es una canci\u00f3n originalmente cantada por Michael Jackson y escrita por Rod Temperton. Fernanda Abreu hizo una versi\u00f3n de esta pieza, la cual ha interpretado [&hellip;]"}