{"version":"1.0","provider_name":"Blog de Rafael Ram\u00edrez","provider_url":"https:\/\/rafaramirez.org\/blog","author_name":"Rafael Ram\u00edrez","author_url":"https:\/\/rafaramirez.org\/blog\/index.php\/author\/rafaell_qm6j97da\/","title":"D\u00eda Internacional del Jazz: promoviendo la paz y la diversidad. - Blog de Rafael Ram\u00edrez","type":"rich","width":600,"height":338,"html":"<blockquote class=\"wp-embedded-content\" data-secret=\"iaGWQKLQXH\"><a href=\"https:\/\/rafaramirez.org\/blog\/index.php\/2024\/04\/30\/dia-internacional-del-jazz\/\">D\u00eda Internacional del Jazz: promoviendo la paz y la diversidad.<\/a><\/blockquote><iframe sandbox=\"allow-scripts\" security=\"restricted\" src=\"https:\/\/rafaramirez.org\/blog\/index.php\/2024\/04\/30\/dia-internacional-del-jazz\/embed\/#?secret=iaGWQKLQXH\" width=\"600\" height=\"338\" title=\"\u00abD\u00eda Internacional del Jazz: promoviendo la paz y la diversidad.\u00bb \u2014 Blog de Rafael Ram\u00edrez\" data-secret=\"iaGWQKLQXH\" frameborder=\"0\" marginwidth=\"0\" marginheight=\"0\" scrolling=\"no\" class=\"wp-embedded-content\"><\/iframe><script>\n\/*! This file is auto-generated *\/\n!function(d,l){\"use strict\";l.querySelector&&d.addEventListener&&\"undefined\"!=typeof URL&&(d.wp=d.wp||{},d.wp.receiveEmbedMessage||(d.wp.receiveEmbedMessage=function(e){var t=e.data;if((t||t.secret||t.message||t.value)&&!\/[^a-zA-Z0-9]\/.test(t.secret)){for(var s,r,n,a=l.querySelectorAll('iframe[data-secret=\"'+t.secret+'\"]'),o=l.querySelectorAll('blockquote[data-secret=\"'+t.secret+'\"]'),c=new RegExp(\"^https?:$\",\"i\"),i=0;i<o.length;i++)o[i].style.display=\"none\";for(i=0;i<a.length;i++)s=a[i],e.source===s.contentWindow&&(s.removeAttribute(\"style\"),\"height\"===t.message?(1e3<(r=parseInt(t.value,10))?r=1e3:~~r<200&&(r=200),s.height=r):\"link\"===t.message&&(r=new URL(s.getAttribute(\"src\")),n=new URL(t.value),c.test(n.protocol))&&n.host===r.host&&l.activeElement===s&&(d.top.location.href=t.value))}},d.addEventListener(\"message\",d.wp.receiveEmbedMessage,!1),l.addEventListener(\"DOMContentLoaded\",function(){for(var e,t,s=l.querySelectorAll(\"iframe.wp-embedded-content\"),r=0;r<s.length;r++)(t=(e=s[r]).getAttribute(\"data-secret\"))||(t=Math.random().toString(36).substring(2,12),e.src+=\"#?secret=\"+t,e.setAttribute(\"data-secret\",t)),e.contentWindow.postMessage({message:\"ready\",secret:t},\"*\")},!1)))}(window,document);\n\/\/# sourceURL=https:\/\/rafaramirez.org\/blog\/wp-includes\/js\/wp-embed.min.js\n<\/script>\n","thumbnail_url":"https:\/\/rafaramirez.org\/blog\/wp-content\/uploads\/2024\/04\/Dia_Internacional_del_Jazz_Blog_de_RafaelRamirez_banner_logblog.jpg","thumbnail_width":850,"thumbnail_height":750,"description":"El\u00a0D\u00eda Internacional del Jazz\u00a0se celebra anualmente el\u00a030 de abril\u00a0desde\u00a02012\u00a0y fue establecido por la UNESCO\u00a0en noviembre de 2011.\u00a0Esta jornada busca sensibilizar al p\u00fablico general sobre las virtudes del jazz como herramienta educativa y motor para la paz, la unidad, el di\u00e1logo y la cooperaci\u00f3n entre pueblos. Este a\u00f1o 2024 la ciudad anfitriona a nivel mundial ser\u00e1 [&hellip;]"}