{"version":"1.0","provider_name":"Blog de Rafael Ram\u00edrez","provider_url":"https:\/\/rafaramirez.org\/blog","author_name":"Rafael Ram\u00edrez","author_url":"https:\/\/rafaramirez.org\/blog\/index.php\/author\/rafaell_qm6j97da\/","title":"Paseo del Parque: Un oasis verde en el coraz\u00f3n de M\u00e1laga. Fotograf\u00edas. - Blog de Rafael Ram\u00edrez","type":"rich","width":600,"height":338,"html":"<blockquote class=\"wp-embedded-content\" data-secret=\"eour1PjV34\"><a href=\"https:\/\/rafaramirez.org\/blog\/index.php\/2024\/04\/04\/paseo-del-parque-malaga-espana-fotografias\/\">Paseo del Parque: Un oasis verde en el coraz\u00f3n de M\u00e1laga. Fotograf\u00edas.<\/a><\/blockquote><iframe sandbox=\"allow-scripts\" security=\"restricted\" src=\"https:\/\/rafaramirez.org\/blog\/index.php\/2024\/04\/04\/paseo-del-parque-malaga-espana-fotografias\/embed\/#?secret=eour1PjV34\" width=\"600\" height=\"338\" title=\"\u00abPaseo del Parque: Un oasis verde en el coraz\u00f3n de M\u00e1laga. Fotograf\u00edas.\u00bb \u2014 Blog de Rafael Ram\u00edrez\" data-secret=\"eour1PjV34\" frameborder=\"0\" marginwidth=\"0\" marginheight=\"0\" scrolling=\"no\" class=\"wp-embedded-content\"><\/iframe><script>\n\/*! This file is auto-generated *\/\n!function(d,l){\"use strict\";l.querySelector&&d.addEventListener&&\"undefined\"!=typeof URL&&(d.wp=d.wp||{},d.wp.receiveEmbedMessage||(d.wp.receiveEmbedMessage=function(e){var t=e.data;if((t||t.secret||t.message||t.value)&&!\/[^a-zA-Z0-9]\/.test(t.secret)){for(var s,r,n,a=l.querySelectorAll('iframe[data-secret=\"'+t.secret+'\"]'),o=l.querySelectorAll('blockquote[data-secret=\"'+t.secret+'\"]'),c=new RegExp(\"^https?:$\",\"i\"),i=0;i<o.length;i++)o[i].style.display=\"none\";for(i=0;i<a.length;i++)s=a[i],e.source===s.contentWindow&&(s.removeAttribute(\"style\"),\"height\"===t.message?(1e3<(r=parseInt(t.value,10))?r=1e3:~~r<200&&(r=200),s.height=r):\"link\"===t.message&&(r=new URL(s.getAttribute(\"src\")),n=new URL(t.value),c.test(n.protocol))&&n.host===r.host&&l.activeElement===s&&(d.top.location.href=t.value))}},d.addEventListener(\"message\",d.wp.receiveEmbedMessage,!1),l.addEventListener(\"DOMContentLoaded\",function(){for(var e,t,s=l.querySelectorAll(\"iframe.wp-embedded-content\"),r=0;r<s.length;r++)(t=(e=s[r]).getAttribute(\"data-secret\"))||(t=Math.random().toString(36).substring(2,12),e.src+=\"#?secret=\"+t,e.setAttribute(\"data-secret\",t)),e.contentWindow.postMessage({message:\"ready\",secret:t},\"*\")},!1)))}(window,document);\n\/\/# sourceURL=https:\/\/rafaramirez.org\/blog\/wp-includes\/js\/wp-embed.min.js\n<\/script>\n","thumbnail_url":"https:\/\/rafaramirez.org\/blog\/wp-content\/uploads\/2024\/04\/ParquedeMalaga_por_Rafael_Ramirez_logblog_banner.jpg","thumbnail_width":850,"thumbnail_height":302,"description":"Esta es una vista de la ciudad de M\u00e1laga (Espa\u00f1a), de su Paseo del Parque. Esta bella ciudad luc\u00eda as\u00ed en estas fotograf\u00edas realizadas en el a\u00f1o 2009. Espero que os gusten, como siempre pod\u00e9is dejar vuestros comentarios debajo del post. Tambi\u00e9n os hablo del Paseo del Parque y su historia. \u00a1Saludos! Fotograf\u00edas de Rafael [&hellip;]"}