{"version":"1.0","provider_name":"Blog de Rafael Ram\u00edrez","provider_url":"https:\/\/rafaramirez.org\/blog","author_name":"Rafael Ram\u00edrez","author_url":"https:\/\/rafaramirez.org\/blog\/index.php\/author\/rafaell_qm6j97da\/","title":"Dal\u00ed y las revistas. Exposici\u00f3n - Blog de Rafael Ram\u00edrez","type":"rich","width":600,"height":338,"html":"<blockquote class=\"wp-embedded-content\" data-secret=\"zNF5pgQ28C\"><a href=\"https:\/\/rafaramirez.org\/blog\/index.php\/2010\/03\/18\/dali-y-las-revistas-exposicion\/\">Dal\u00ed y las revistas. Exposici\u00f3n<\/a><\/blockquote><iframe sandbox=\"allow-scripts\" security=\"restricted\" src=\"https:\/\/rafaramirez.org\/blog\/index.php\/2010\/03\/18\/dali-y-las-revistas-exposicion\/embed\/#?secret=zNF5pgQ28C\" width=\"600\" height=\"338\" title=\"\u00abDal\u00ed y las revistas. Exposici\u00f3n\u00bb \u2014 Blog de Rafael Ram\u00edrez\" data-secret=\"zNF5pgQ28C\" frameborder=\"0\" marginwidth=\"0\" marginheight=\"0\" scrolling=\"no\" class=\"wp-embedded-content\"><\/iframe><script>\n\/*! This file is auto-generated *\/\n!function(d,l){\"use strict\";l.querySelector&&d.addEventListener&&\"undefined\"!=typeof URL&&(d.wp=d.wp||{},d.wp.receiveEmbedMessage||(d.wp.receiveEmbedMessage=function(e){var t=e.data;if((t||t.secret||t.message||t.value)&&!\/[^a-zA-Z0-9]\/.test(t.secret)){for(var s,r,n,a=l.querySelectorAll('iframe[data-secret=\"'+t.secret+'\"]'),o=l.querySelectorAll('blockquote[data-secret=\"'+t.secret+'\"]'),c=new RegExp(\"^https?:$\",\"i\"),i=0;i<o.length;i++)o[i].style.display=\"none\";for(i=0;i<a.length;i++)s=a[i],e.source===s.contentWindow&&(s.removeAttribute(\"style\"),\"height\"===t.message?(1e3<(r=parseInt(t.value,10))?r=1e3:~~r<200&&(r=200),s.height=r):\"link\"===t.message&&(r=new URL(s.getAttribute(\"src\")),n=new URL(t.value),c.test(n.protocol))&&n.host===r.host&&l.activeElement===s&&(d.top.location.href=t.value))}},d.addEventListener(\"message\",d.wp.receiveEmbedMessage,!1),l.addEventListener(\"DOMContentLoaded\",function(){for(var e,t,s=l.querySelectorAll(\"iframe.wp-embedded-content\"),r=0;r<s.length;r++)(t=(e=s[r]).getAttribute(\"data-secret\"))||(t=Math.random().toString(36).substring(2,12),e.src+=\"#?secret=\"+t,e.setAttribute(\"data-secret\",t)),e.contentWindow.postMessage({message:\"ready\",secret:t},\"*\")},!1)))}(window,document);\n\/\/# sourceURL=https:\/\/rafaramirez.org\/blog\/wp-includes\/js\/wp-embed.min.js\n<\/script>\n","thumbnail_url":"https:\/\/rafaramirez.org\/blog\/wp-content\/uploads\/2010\/03\/dali_y_lasrevistas-1.jpg","thumbnail_width":700,"thumbnail_height":500,"description":"Este es el t\u00edtulo de la exposici\u00f3n que hasta el 16 de mayo puede visitarse en la Sala de Exposiciones de la Fundaci\u00f3n Pablo Ru\u00edz Picasso en M\u00e1laga. La colaboraci\u00f3n de Salvador Dal\u00ed con el mundo de las revistas y la prensa escrita es variada y extensa. Dal\u00ed no se limita a escribir art\u00edculos, sino [&hellip;]"}